{"id":1055,"date":"2014-12-21T20:30:06","date_gmt":"2014-12-21T18:30:06","guid":{"rendered":"http:\/\/www.cavesduparadis.ch\/?page_id=1055"},"modified":"2026-03-10T17:13:08","modified_gmt":"2026-03-10T15:13:08","slug":"caves-du-paradis-sierre-vins-du-valais","status":"publish","type":"page","link":"https:\/\/www.cavesduparadis.ch\/fr\/","title":{"rendered":"Caves du Paradis Sierre &#8211; Vins du Valais"},"content":{"rendered":"<div id='fullscreen_slider_1' class='avia-fullscreen-slider main_color    container_wrap fullsize'   ><a href='#next-section' title='' class='scroll-down-link av-control-default' aria-hidden='true' data-av_icon='\ue877' data-av_iconfont='entypo-fontello'><\/a><div  data-size='no scaling'  data-lightbox_size='large'  data-animation='fade'  data-ids='10597'  data-video_counter='0'  data-autoplay='false'  data-bg_slider='true'  data-slide_height='100'  data-handle='av_fullscreen'  data-interval='5'  data-class=' '  data-css_id='fullscreen_slider_1'  data-scroll_down='aviaTBscroll_down'  data-control_layout='av-control-default'  data-custom_markup=''  data-perma_caption='aviaTBperma_caption'  data-autoplay_stopper=''  data-image_attachment='fixed'  data-min_height='0px'  data-stretch=''  class='avia-slideshow avia-slideshow-1 av-slider-scroll-down-active av-control-default av-default-height-applied avia-slideshow-no scaling av_fullscreen   avia-fade-slider '  itemprop=\"ImageObject\" itemscope=\"itemscope\" itemtype=\"https:\/\/schema.org\/ImageObject\" ><ul class='avia-slideshow-inner' style='padding-bottom: 75%;'><li style='background-position:center center;' data-img-url='https:\/\/www.cavesduparadis.ch\/wp-content\/uploads\/VinsDuValais-2.jpg' class=' av-single-slide slide-1 ' ><div data-rel='slideshow-1' class='avia-slide-wrap'  ><\/div><\/li><\/ul><div class = \"caption_fullwidth av-slideshow-caption caption_center\"><div class = \"container caption_container\"><div class = \"slideshow_caption\"><div class = \"slideshow_inner_caption\"><div class = \"slideshow_align_caption\"><h2  style='font-size:40px; ' class='avia-caption-title '  itemprop=\"name\" ><img decoding=\"async\" src=\"https:\/\/www.cavesduparadis.ch\/wp-content\/uploads\/CavesDuParadisOlivierRoten-e1737410211898.png\" \/><img decoding=\"async\" src=\"https:\/\/www.cavesduparadis.ch\/wp-content\/uploads\/caves-du-paradis-vinsduvalais.png\" \/><\/h2><\/div><\/div><\/div><\/div><\/div><\/div><\/div>\n<\/div><\/div><\/div><!-- close content main div --><\/div><\/div><div id='ueberuns' class='avia-section main_color avia-section-default avia-no-border-styling avia-bg-style-scroll    container_wrap fullsize' style = 'background-color: #ffffff; '  ><div class='container' ><div class='template-page content  av-content-full alpha units'><div class='post-entry post-entry-type-page post-entry-1055'><div class='entry-content-wrapper clearfix'>\n<div style='padding-bottom:0px;color:#1e1e1e;font-size:34px;' class='av-special-heading av-special-heading-h1 custom-color-heading blockquote modern-quote modern-centered  titre-elegant av-inherit-size '><h1 class='av-special-heading-tag '  itemprop=\"headline\"  >Caves du Paradis<\/p>\n<p>Domaine viticole familial \u00e0 Sierre &#8211; Vins du Valais<\/h1><div class='special-heading-border'><div class='special-heading-inner-border' style='border-color:#1e1e1e'><\/div><\/div><\/div>\n<div class=\"flex_column av_one_half  flex_column_div first  carte-pro \" style='padding:25px 15px 25px 15px ; background-color:#ffffff; border-radius:5px; '><div class='avia-button-wrap avia-button-center  '><a href='https:\/\/www.cavesduparadis.ch\/fr\/vins-shop\/' class='avia-button   avia-icon_select-yes-left-icon avia-color-custom avia-size-large avia-position-center '  style='background-color:#333333; border-color:#333333; color:#ffffff; ' ><span class='avia_button_icon avia_button_icon_left ' aria-hidden='true' data-av_icon='\ue859' data-av_iconfont='entypo-fontello'><\/span><span class='avia_iconbox_title' >Shop<\/span><\/a><\/div><\/div><div class=\"flex_column av_one_half  flex_column_div   carte-pro \" style='padding:25px 15px 25px 15px ; background-color:#ffffff; border-radius:5px; '><div class='avia-button-wrap avia-button-center  '><a href='https:\/\/www.cavesduparadis.ch\/fr\/votre-visite\/' class='avia-button   avia-icon_select-yes-left-icon avia-color-custom avia-size-large avia-position-center '  style='background-color:#333333; border-color:#333333; color:#ffffff; ' ><span class='avia_button_icon avia_button_icon_left ' aria-hidden='true' data-av_icon='\ue821' data-av_iconfont='entypo-fontello'><\/span><span class='avia_iconbox_title' >Visite<\/span><\/a><\/div><\/div><div style='padding-bottom:5px;color:#000000;font-size:28px;' class='av-special-heading av-special-heading-h2 custom-color-heading blockquote modern-quote modern-centered   av-inherit-size '><h2 class='av-special-heading-tag '  itemprop=\"headline\"  >L\u2019h\u00e9ritage de la famille Roten depuis 1959<\/h2><div class ='av-subheading av-subheading_below av_custom_color ' style='font-size:20px;'><p>Une tradition vigneronne au coeur du Valais<\/p>\n<\/div><div class='special-heading-border'><div class='special-heading-inner-border' style='border-color:#000000'><\/div><\/div><\/div>\n<div style='height:30px' class='hr hr-invisible   '><span class='hr-inner ' ><span class='hr-inner-style'><\/span><\/span><\/div>\n<div style='height:10px' class='hr hr-invisible   '><span class='hr-inner ' ><span class='hr-inner-style'><\/span><\/span><\/div>\n<div class='flex_column_table av-equal-height-column-flextable -flextable' ><div class=\"flex_column av_one_third  flex_column_table_cell av-equal-height-column av-align-top first  carte-pro \" style='padding:35px 15px 35px 15px ; background-color:#fcf7ef; border-radius:10px; '><p><div class='avia-image-container avia_animated_image avia_animate_when_almost_visible fade-in av-styling-     avia-align-center '  itemprop=\"ImageObject\" itemscope=\"itemscope\" itemtype=\"https:\/\/schema.org\/ImageObject\"  ><div class='avia-image-container-inner'><a href='https:\/\/www.cavesduparadis.ch\/ueber-uns\/' class='avia_image'  ><img class='avia_image ' src='https:\/\/www.cavesduparadis.ch\/wp-content\/uploads\/AlexRoten-300x205.png' alt='' title='AlexRoten'  itemprop=\"thumbnailUrl\"  \/><\/a><\/div><\/div><br \/>\n<section class=\"av_textblock_section \"  itemscope=\"itemscope\" itemtype=\"https:\/\/schema.org\/CreativeWork\" ><div class='avia_textblock  '   itemprop=\"text\" ><h3 style=\"text-align: center;\">Une histoire&#8230;<\/h3>\n<p style=\"text-align: justify;\"><span style=\"font-size: x-large;\">L<\/span>es <em>Caves du Paradis<\/em>\u00a0sont fond\u00e9es en 1959 par Alex Roten. Apr\u00e8s son fils Rapha\u00ebl, c&rsquo;est aujourd&rsquo;hui Olivier, son petit-fils qui perp\u00e9tue l&rsquo;histoire familiale. Toujours \u00e0 la recherche de nouveaut\u00e9s en cave, les vignes sont pour leur part travaill\u00e9es dans le plus grand respect de la nature.<\/p>\n<\/div><\/section><\/p><\/div><\/div><!--close column table wrapper. Autoclose: 1 --><div class='flex_column_table av-equal-height-column-flextable -flextable' ><div class='av-flex-placeholder'><\/div><div class=\"flex_column av_one_third  flex_column_table_cell av-equal-height-column av-align-top   carte-pro \" style='padding:35px 15px 35px 15px ; background-color:#fcf7ef; border-radius:10px; '><p><div class='avia-image-container avia_animated_image avia_animate_when_almost_visible fade-in av-styling-     avia-align-center '  itemprop=\"ImageObject\" itemscope=\"itemscope\" itemtype=\"https:\/\/schema.org\/ImageObject\"  ><div class='avia-image-container-inner'><a href='https:\/\/www.cavesduparadis.ch\/ueber-uns\/' class='avia_image'  ><img class='avia_image ' src='https:\/\/www.cavesduparadis.ch\/wp-content\/uploads\/\/Team-300x200.jpg' alt='' title='Team'  itemprop=\"thumbnailUrl\"  \/><\/a><\/div><\/div><br \/>\n<section class=\"av_textblock_section \"  itemscope=\"itemscope\" itemtype=\"https:\/\/schema.org\/CreativeWork\" ><div class='avia_textblock  '   itemprop=\"text\" ><h3 style=\"text-align: center;\">Une \u00e9quipe&#8230;<\/h3>\n<p style=\"text-align: justify;\"><span style=\"font-size: x-large;\">N<\/span>otre domaine compte une dizaine de collaborateurs, passion\u00e9s de la grappe \u00e0 la bouteille, pour offrir le meilleur de notre terroir valaisan. Cette qualit\u00e9 garantie est livr\u00e9e rapidement dans toute la Suisse.<\/p>\n<\/div><\/section><\/p><\/div><\/div><!--close column table wrapper. Autoclose: 1 --><div class='flex_column_table av-equal-height-column-flextable -flextable' ><div class='av-flex-placeholder'><\/div><div class=\"flex_column av_one_third  flex_column_table_cell av-equal-height-column av-align-top   carte-pro \" style='padding:35px 15px 35px 15px ; background-color:#fcf7ef; border-radius:10px; '><p><div class='avia-image-container avia_animated_image avia_animate_when_almost_visible fade-in av-styling-     avia-align-center '  itemprop=\"ImageObject\" itemscope=\"itemscope\" itemtype=\"https:\/\/schema.org\/ImageObject\"  ><div class='avia-image-container-inner'><a href='https:\/\/www.cavesduparadis.ch\/ueber-uns\/' class='avia_image'  ><img class='avia_image ' src='https:\/\/www.cavesduparadis.ch\/wp-content\/uploads\/Passion-300x200.jpg' alt='' title='Passion'  itemprop=\"thumbnailUrl\"  \/><\/a><\/div><\/div><br \/>\n<section class=\"av_textblock_section \"  itemscope=\"itemscope\" itemtype=\"https:\/\/schema.org\/CreativeWork\" ><div class='avia_textblock  '   itemprop=\"text\" ><h3 style=\"text-align: center;\">Une passion&#8230;<\/h3>\n<p style=\"text-align: justify;\"><span style=\"font-size: x-large;\">L<\/span>a passion pour la vigne et le vin n&rsquo;a aucune limite. Nous apprenons tous les jours, essayant de nouvelles m\u00e9thodes de culture, d&rsquo;autres c\u00e9pages, de nouvelles techniques en cave. C&rsquo;est ainsi que nous vous proposons une 20aine de vins du Valais diff\u00e9rents. Nous vous accueillons volontiers \u00e0 la cave pour partager avec vous notre passion !<\/p>\n<\/div><\/section><\/p><\/div><\/div><!--close column table wrapper. Autoclose: 1 -->\n\n<\/div><\/div><\/div><!-- close content main div --><\/div><\/div><div id='besuch' class='avia-section main_color avia-section-default avia-no-border-styling avia-bg-style-scroll    container_wrap fullsize' style = 'background-color: #f9f7f2; '  ><div class='container' ><div class='template-page content  av-content-full alpha units'><div class='post-entry post-entry-type-page post-entry-1055'><div class='entry-content-wrapper clearfix'>\n<div style='padding-bottom:5px;font-size:30px;' class='av-special-heading av-special-heading-h3  blockquote modern-quote modern-centered  titre-elegant av-inherit-size '><h3 class='av-special-heading-tag '  itemprop=\"headline\"  >D\u00e9gustation et exp\u00e9riences<\/h3><div class='special-heading-border'><div class='special-heading-inner-border' ><\/div><\/div><\/div>\n<div style='padding-bottom:5px;font-size:28px;' class='av-special-heading av-special-heading-h3  blockquote modern-quote modern-centered   av-inherit-size '><h3 class='av-special-heading-tag '  itemprop=\"headline\"  >Vente directe de nos sp\u00e9cialit\u00e9s valaisannes<\/h3><div class='special-heading-border'><div class='special-heading-inner-border' ><\/div><\/div><\/div>\n<div style='height:30px' class='hr hr-invisible   '><span class='hr-inner ' ><span class='hr-inner-style'><\/span><\/span><\/div>\n<div class='flex_column_table av-equal-height-column-flextable -flextable' ><div class=\"flex_column av_one_half  flex_column_table_cell av-equal-height-column av-align-bottom first  carte-pro \" style='padding:25px 15px 25px 15px ; background-color:#ffffff; border-radius:5px; '><p><div style='padding-bottom:10px;font-size:26px;' class='av-special-heading av-special-heading-h2  blockquote modern-quote modern-centered  titre-elegant av-inherit-size '><h2 class='av-special-heading-tag '  itemprop=\"headline\"  ><a style=\"text-decoration: none;\" href=\"https:\/\/www.cavesduparadis.ch\/shop\/\">Online Shop<\/a><\/h2><div class ='av-subheading av-subheading_below  ' style='font-size:15px;'><p>D\u00e9couvrez nos vins et nos sp\u00e9cialit\u00e9s incontournables comme la Petite Arvine, le Garanoir, la Symphonie, le Noir de Noir et notre fameux vin Larix \u00e9lev\u00e9 en m\u00e9l\u00e8ze!<\/p>\n<\/div><div class='special-heading-border'><div class='special-heading-inner-border' ><\/div><\/div><\/div><br \/>\n<div style='height:30px' class='hr hr-invisible   '><span class='hr-inner ' ><span class='hr-inner-style'><\/span><\/span><\/div><br \/>\n<div class='avia-button-wrap avia-button-center  '><a href='https:\/\/www.cavesduparadis.ch\/fr\/vins-shop\/' class='avia-button   avia-icon_select-yes-left-icon avia-color-custom avia-size-x-large avia-position-center '  style='background-color:#333333; border-color:#333333; color:#ffffff; ' ><span class='avia_button_icon avia_button_icon_left ' aria-hidden='true' data-av_icon='\ue859' data-av_iconfont='entypo-fontello'><\/span><span class='avia_iconbox_title' >Shop<\/span><\/a><\/div><br \/>\n<div style='height:30px' class='hr hr-invisible   '><span class='hr-inner ' ><span class='hr-inner-style'><\/span><\/span><\/div><br \/>\n<div class='avia-image-container  av-styling-no-styling     avia-align-center '  itemprop=\"ImageObject\" itemscope=\"itemscope\" itemtype=\"https:\/\/schema.org\/ImageObject\"  ><div class='avia-image-container-inner'><a href='https:\/\/www.cavesduparadis.ch\/fr\/vins-shop\/' class='avia_image'  ><img class='avia_image ' src='https:\/\/www.cavesduparadis.ch\/wp-content\/uploads\/GrandPrixDuVinSuisse_2023-2-1.jpg' alt='' title='GrandPrixDuVinSuisse_2023-2'  itemprop=\"thumbnailUrl\"  \/><\/a><\/div><\/div><\/p><\/div><\/div><!--close column table wrapper. Autoclose: 1 --><div class='flex_column_table av-equal-height-column-flextable -flextable' ><div class='av-flex-placeholder'><\/div><div class=\"flex_column av_one_half  flex_column_table_cell av-equal-height-column av-align-bottom   carte-pro \" style='padding:25px 15px 25px 15px ; background-color:#ffffff; border-radius:5px; '><p><div style='padding-bottom:10px;font-size:26px;' class='av-special-heading av-special-heading-h2  blockquote modern-quote modern-centered  titre-elegant av-inherit-size '><h2 class='av-special-heading-tag '  itemprop=\"headline\"  >Visites et \u00c9v\u00e9nements<\/h2><div class ='av-subheading av-subheading_below  ' style='font-size:15px;'><p>Venez partager notre passion! R\u00e9servez votre visite au domaine ou louez notre carnotzet de 35 places pour vos \u00e9v\u00e9nements.<\/p>\n<\/div><div class='special-heading-border'><div class='special-heading-inner-border' ><\/div><\/div><\/div><br \/>\n<div style='height:30px' class='hr hr-invisible   '><span class='hr-inner ' ><span class='hr-inner-style'><\/span><\/span><\/div><br \/>\n<div class='avia-button-wrap avia-button-center  '><a href='https:\/\/www.cavesduparadis.ch\/fr\/votre-visite\/' class='avia-button   avia-icon_select-yes-left-icon avia-color-custom avia-size-x-large avia-position-center '  style='background-color:#333333; border-color:#333333; color:#ffffff; ' ><span class='avia_button_icon avia_button_icon_left ' aria-hidden='true' data-av_icon='\ue85b' data-av_iconfont='entypo-fontello'><\/span><span class='avia_iconbox_title' >R\u00e9server<\/span><\/a><\/div><br \/>\n<div style='height:23px' class='hr hr-invisible   '><span class='hr-inner ' ><span class='hr-inner-style'><\/span><\/span><\/div><br \/>\n<div class='avia-image-container  av-styling-no-styling     avia-align-center '  itemprop=\"ImageObject\" itemscope=\"itemscope\" itemtype=\"https:\/\/schema.org\/ImageObject\"  ><div class='avia-image-container-inner'><a href='https:\/\/www.cavesduparadis.ch\/fr\/votre-visite\/' class='avia_image'  ><img class='avia_image ' src='https:\/\/www.cavesduparadis.ch\/wp-content\/uploads\/besuch_keller-1.jpg' alt='' title='besuch_keller'  itemprop=\"thumbnailUrl\"  \/><\/a><\/div><\/div><\/p><\/div><\/div><!--close column table wrapper. Autoclose: 1 --><\/div><\/div><\/div><!-- close content main div --><\/div><\/div><div id='av_section_3' class='avia-section main_color avia-section-default avia-no-shadow avia-bg-style-scroll    container_wrap fullsize'   ><div class='container' ><div class='template-page content  av-content-full alpha units'><div class='post-entry post-entry-type-page post-entry-1055'><div class='entry-content-wrapper clearfix'>\n<div class=\"flex_column av_one_full  flex_column_div first  carte-pro \" style='padding:15px; background-color:#fcf7ef; border-radius:10px; '><p><div style='padding-bottom:40px;' class='av-special-heading av-special-heading-h2  blockquote modern-quote modern-centered  titre-elegant '><h2 class='av-special-heading-tag '  itemprop=\"headline\"  >Agenda<\/h2><div class='special-heading-border'><div class='special-heading-inner-border' ><\/div><\/div><\/div><br \/>\n<div id='av-magazine-1' class='av-magazine     av-magazine-hero-left ' ><div class='av-magazine-group sort_all'><div class='av-magazine-hero first flex_column av_one_half '><article class='hentry av-magazine-entry av-magazine-entry-id-10889 av-magazine-format-standard av-magazine-type-post av-magazine-entry-1 av-magazine-entry-big '  itemscope=\"itemscope\" itemtype=\"https:\/\/schema.org\/CreativeWork\" ><div class='av-magazine-thumbnail'><a href='https:\/\/www.cavesduparadis.ch\/fr\/degustationnoel-2025\/' title='En lien avec : D\u00e9gustation de No\u00ebl 2025' class='av-magazine-thumbnail-link '><img loading=\"lazy\" decoding=\"async\" width=\"710\" height=\"375\" src=\"https:\/\/www.cavesduparadis.ch\/wp-content\/uploads\/FlyerNOEL2025_DEGUSTATION_AAA-1-710x375.jpg\" class=\"attachment-magazine size-magazine wp-post-image\" alt=\"DegustationWeihnachten\" \/><\/a><\/div><div class='av-magazine-content-wrap'><header class='entry-content-header'><time class='av-magazine-time updated'  itemprop=\"datePublished\" datetime=\"2025-12-07T08:21:36+02:00\" >07.12.2025<\/time><span class='av-magazine-text-sep text-sep-date'>\/<\/span><span class=\"av-magazine-author minor-meta\">par <span class=\"av-magazine-author-link\"  itemprop=\"author\" ><span class='av-magazine-author meta-color vcard author'><span class='fn'><a href=https:\/\/www.cavesduparadis.ch\/fr\/author\/cdp\/ title=\"par Olivier Roten\" rel=\"author\">Olivier Roten<\/a><\/span><\/span><\/span><\/span><h3 class='av-magazine-title entry-title'  itemprop=\"headline\" ><a href='https:\/\/www.cavesduparadis.ch\/fr\/degustationnoel-2025\/' title='En lien avec : D\u00e9gustation de No\u00ebl 2025'>D\u00e9gustation de No\u00ebl 2025<\/a><\/h3><\/header><div class='av-magazine-content entry-content'  itemprop=\"text\" >\r\n\r\n\r\n\r\n<\/div><\/div><footer class='entry-footer'><\/footer><\/article><\/div><div class='av-magazine-sideshow flex_column av_one_half '><article class='hentry av-magazine-entry av-magazine-entry-id-9881 av-magazine-format-standard av-magazine-type-post av-magazine-entry-2 av-magazine-entry-small '  itemscope=\"itemscope\" itemtype=\"https:\/\/schema.org\/CreativeWork\" ><div class='av-magazine-thumbnail'><a href='https:\/\/www.cavesduparadis.ch\/fr\/caves-ouvertes-du-valais-2024\/' title='En lien avec : Caves Ouvertes du Valais 2024' class='av-magazine-thumbnail-link '><img loading=\"lazy\" decoding=\"async\" width=\"80\" height=\"80\" src=\"https:\/\/www.cavesduparadis.ch\/wp-content\/uploads\/Screenshot-2024-05-08-153326-80x80.jpg\" class=\"attachment-thumbnail size-thumbnail wp-post-image\" alt=\"\" srcset=\"https:\/\/www.cavesduparadis.ch\/wp-content\/uploads\/Screenshot-2024-05-08-153326-80x80.jpg 80w, https:\/\/www.cavesduparadis.ch\/wp-content\/uploads\/Screenshot-2024-05-08-153326-36x36.jpg 36w, https:\/\/www.cavesduparadis.ch\/wp-content\/uploads\/Screenshot-2024-05-08-153326-180x180.jpg 180w, https:\/\/www.cavesduparadis.ch\/wp-content\/uploads\/Screenshot-2024-05-08-153326-100x100.jpg 100w, https:\/\/www.cavesduparadis.ch\/wp-content\/uploads\/Screenshot-2024-05-08-153326-450x450.jpg 450w\" sizes=\"auto, (max-width: 80px) 100vw, 80px\" \/><\/a><\/div><div class='av-magazine-content-wrap'><header class='entry-content-header'><time class='av-magazine-time updated'  itemprop=\"datePublished\" datetime=\"2024-05-08T15:42:27+02:00\" >08.05.2024<\/time><span class='av-magazine-text-sep text-sep-date'>\/<\/span><span class=\"av-magazine-author minor-meta\">par <span class=\"av-magazine-author-link\"  itemprop=\"author\" ><span class='av-magazine-author meta-color vcard author'><span class='fn'><a href=https:\/\/www.cavesduparadis.ch\/fr\/author\/cdp\/ title=\"par Olivier Roten\" rel=\"author\">Olivier Roten<\/a><\/span><\/span><\/span><\/span><h3 class='av-magazine-title entry-title'  itemprop=\"headline\" ><a href='https:\/\/www.cavesduparadis.ch\/fr\/caves-ouvertes-du-valais-2024\/' title='En lien avec : Caves Ouvertes du Valais 2024'>Caves Ouvertes du Valais 2024<\/a><\/h3><\/header><\/div><footer class='entry-footer'><\/footer><\/article><article class='hentry av-magazine-entry av-magazine-entry-id-9332 av-magazine-format-standard av-magazine-type-post av-magazine-entry-3 av-magazine-entry-small '  itemscope=\"itemscope\" itemtype=\"https:\/\/schema.org\/CreativeWork\" ><div class='av-magazine-thumbnail'><a href='https:\/\/www.cavesduparadis.ch\/fr\/degustationnoel-2023\/' title='En lien avec : D\u00e9gustation de No\u00ebl 2023' class='av-magazine-thumbnail-link '><img loading=\"lazy\" decoding=\"async\" width=\"80\" height=\"80\" src=\"https:\/\/www.cavesduparadis.ch\/wp-content\/uploads\/DegustationNoel2023-1-80x80.png\" class=\"attachment-thumbnail size-thumbnail wp-post-image\" alt=\"\" srcset=\"https:\/\/www.cavesduparadis.ch\/wp-content\/uploads\/DegustationNoel2023-1-80x80.png 80w, https:\/\/www.cavesduparadis.ch\/wp-content\/uploads\/DegustationNoel2023-1-36x36.png 36w, https:\/\/www.cavesduparadis.ch\/wp-content\/uploads\/DegustationNoel2023-1-180x180.png 180w, https:\/\/www.cavesduparadis.ch\/wp-content\/uploads\/DegustationNoel2023-1-431x423.png 431w, https:\/\/www.cavesduparadis.ch\/wp-content\/uploads\/DegustationNoel2023-1-100x100.png 100w\" sizes=\"auto, (max-width: 80px) 100vw, 80px\" \/><\/a><\/div><div class='av-magazine-content-wrap'><header class='entry-content-header'><time class='av-magazine-time updated'  itemprop=\"datePublished\" datetime=\"2023-12-04T15:58:19+02:00\" >04.12.2023<\/time><span class='av-magazine-text-sep text-sep-date'>\/<\/span><span class=\"av-magazine-author minor-meta\">par <span class=\"av-magazine-author-link\"  itemprop=\"author\" ><span class='av-magazine-author meta-color vcard author'><span class='fn'><a href=https:\/\/www.cavesduparadis.ch\/fr\/author\/cdp\/ title=\"par Olivier Roten\" rel=\"author\">Olivier Roten<\/a><\/span><\/span><\/span><\/span><h3 class='av-magazine-title entry-title'  itemprop=\"headline\" ><a href='https:\/\/www.cavesduparadis.ch\/fr\/degustationnoel-2023\/' title='En lien avec : D\u00e9gustation de No\u00ebl 2023'>D\u00e9gustation de No\u00ebl 2023<\/a><\/h3><\/header><\/div><footer class='entry-footer'><\/footer><\/article><article class='hentry av-magazine-entry av-magazine-entry-id-8596 av-magazine-format-standard av-magazine-type-post av-magazine-entry-4 av-magazine-entry-small '  itemscope=\"itemscope\" itemtype=\"https:\/\/schema.org\/CreativeWork\" ><div class='av-magazine-thumbnail'><a href='https:\/\/www.cavesduparadis.ch\/fr\/caves-ouvertes-du-valais-2023\/' title='En lien avec : Caves Ouvertes du Valais 2023' class='av-magazine-thumbnail-link '><img loading=\"lazy\" decoding=\"async\" width=\"80\" height=\"80\" src=\"https:\/\/www.cavesduparadis.ch\/wp-content\/uploads\/CavesOuvertesValais2023-80x80.png\" class=\"attachment-thumbnail size-thumbnail wp-post-image\" alt=\"\" srcset=\"https:\/\/www.cavesduparadis.ch\/wp-content\/uploads\/CavesOuvertesValais2023-80x80.png 80w, https:\/\/www.cavesduparadis.ch\/wp-content\/uploads\/CavesOuvertesValais2023-36x36.png 36w, https:\/\/www.cavesduparadis.ch\/wp-content\/uploads\/CavesOuvertesValais2023-180x180.png 180w, https:\/\/www.cavesduparadis.ch\/wp-content\/uploads\/CavesOuvertesValais2023-100x100.png 100w, https:\/\/www.cavesduparadis.ch\/wp-content\/uploads\/CavesOuvertesValais2023-450x450.png 450w\" sizes=\"auto, (max-width: 80px) 100vw, 80px\" \/><\/a><\/div><div class='av-magazine-content-wrap'><header class='entry-content-header'><time class='av-magazine-time updated'  itemprop=\"datePublished\" datetime=\"2023-05-16T11:41:57+02:00\" >16.05.2023<\/time><span class='av-magazine-text-sep text-sep-date'>\/<\/span><span class=\"av-magazine-author minor-meta\">par <span class=\"av-magazine-author-link\"  itemprop=\"author\" ><span class='av-magazine-author meta-color vcard author'><span class='fn'><a href=https:\/\/www.cavesduparadis.ch\/fr\/author\/cdp\/ title=\"par Olivier Roten\" rel=\"author\">Olivier Roten<\/a><\/span><\/span><\/span><\/span><h3 class='av-magazine-title entry-title'  itemprop=\"headline\" ><a href='https:\/\/www.cavesduparadis.ch\/fr\/caves-ouvertes-du-valais-2023\/' title='En lien avec : Caves Ouvertes du Valais 2023'>Caves Ouvertes du Valais 2023<\/a><\/h3><\/header><\/div><footer class='entry-footer'><\/footer><\/article><article class='hentry av-magazine-entry av-magazine-entry-id-7156 av-magazine-format-standard av-magazine-type-post av-magazine-entry-5 av-magazine-entry-small '  itemscope=\"itemscope\" itemtype=\"https:\/\/schema.org\/CreativeWork\" ><div class='av-magazine-thumbnail'><a href='https:\/\/www.cavesduparadis.ch\/fr\/caves-ouvertes-valais-2022\/' title='En lien avec : Caves Ouvertes du Valais 2022' class='av-magazine-thumbnail-link '><img loading=\"lazy\" decoding=\"async\" width=\"80\" height=\"80\" src=\"https:\/\/www.cavesduparadis.ch\/wp-content\/uploads\/CavesOuvertes2022-80x80.png\" class=\"attachment-thumbnail size-thumbnail wp-post-image\" alt=\"\" srcset=\"https:\/\/www.cavesduparadis.ch\/wp-content\/uploads\/CavesOuvertes2022-80x80.png 80w, https:\/\/www.cavesduparadis.ch\/wp-content\/uploads\/CavesOuvertes2022-36x36.png 36w, https:\/\/www.cavesduparadis.ch\/wp-content\/uploads\/CavesOuvertes2022-180x180.png 180w, https:\/\/www.cavesduparadis.ch\/wp-content\/uploads\/CavesOuvertes2022-100x100.png 100w\" sizes=\"auto, (max-width: 80px) 100vw, 80px\" \/><\/a><\/div><div class='av-magazine-content-wrap'><header class='entry-content-header'><time class='av-magazine-time updated'  itemprop=\"datePublished\" datetime=\"2022-05-24T11:55:58+02:00\" >24.05.2022<\/time><span class='av-magazine-text-sep text-sep-date'>\/<\/span><span class=\"av-magazine-author minor-meta\">par <span class=\"av-magazine-author-link\"  itemprop=\"author\" ><span class='av-magazine-author meta-color vcard author'><span class='fn'><a href=https:\/\/www.cavesduparadis.ch\/fr\/author\/cdp\/ title=\"par Olivier Roten\" rel=\"author\">Olivier Roten<\/a><\/span><\/span><\/span><\/span><h3 class='av-magazine-title entry-title'  itemprop=\"headline\" ><a href='https:\/\/www.cavesduparadis.ch\/fr\/caves-ouvertes-valais-2022\/' title='En lien avec : Caves Ouvertes du Valais 2022'>Caves Ouvertes du Valais 2022<\/a><\/h3><\/header><\/div><footer class='entry-footer'><\/footer><\/article><\/div><\/div><\/div><\/p><\/div>\n<\/p>\n [avia_codeblock_placeholder uid=\"0\"] \n","protected":false},"excerpt":{"rendered":"","protected":false},"author":3,"featured_media":0,"parent":0,"menu_order":3,"comment_status":"open","ping_status":"open","template":"","meta":{"footnotes":""},"class_list":["post-1055","page","type-page","status-publish","hentry"],"yoast_head":"<!-- This site is optimized with the Yoast SEO plugin v27.0 - https:\/\/yoast.com\/product\/yoast-seo-wordpress\/ -->\n<title>Caves du Paradis \u00e0 Sierre | Achat Vins du Valais &amp; D\u00e9gustation<\/title>\n<meta name=\"description\" content=\"D\u00e9couvrez les Caves du Paradis \u00e0 Sierre. Achat en ligne de Vins du Valais (Pinot, Heida, Larix) et r\u00e9servation de d\u00e9gustations au domaine.\" \/>\n<meta name=\"robots\" content=\"index, follow, max-snippet:-1, max-image-preview:large, max-video-preview:-1\" \/>\n<link rel=\"canonical\" href=\"https:\/\/www.cavesduparadis.ch\/fr\/caves-du-paradis-sierre-vins-du-valais\/\" \/>\n<meta property=\"og:locale\" content=\"fr_FR\" \/>\n<meta property=\"og:type\" content=\"article\" \/>\n<meta property=\"og:title\" content=\"Caves du Paradis \u00e0 Sierre | Achat Vins du Valais &amp; D\u00e9gustation\" \/>\n<meta property=\"og:description\" content=\"D\u00e9couvrez les Caves du Paradis \u00e0 Sierre. Achat en ligne de Vins du Valais (Pinot, Heida, Larix) et r\u00e9servation de d\u00e9gustations au domaine.\" \/>\n<meta property=\"og:url\" content=\"https:\/\/www.cavesduparadis.ch\/fr\/caves-du-paradis-sierre-vins-du-valais\/\" \/>\n<meta property=\"og:site_name\" content=\"Caves du Paradis Olivier Roten\" \/>\n<meta property=\"article:publisher\" content=\"https:\/\/www.facebook.com\/cavesparadis\" \/>\n<meta property=\"article:modified_time\" content=\"2026-03-10T15:13:08+00:00\" \/>\n<meta property=\"og:image\" content=\"https:\/\/www.cavesduparadis.ch\/wp-content\/uploads\/CavesDuParadisOlivierRoten-e1737410211898.png\" \/>\n<meta name=\"twitter:card\" content=\"summary_large_image\" \/>\n<meta name=\"twitter:label1\" content=\"Dur\u00e9e de lecture estim\u00e9e\" \/>\n\t<meta name=\"twitter:data1\" content=\"7 minutes\" \/>\n<script type=\"application\/ld+json\" class=\"yoast-schema-graph\">{\"@context\":\"https:\/\/schema.org\",\"@graph\":[{\"@type\":\"WebPage\",\"@id\":\"https:\/\/www.cavesduparadis.ch\/fr\/caves-du-paradis-sierre-vins-du-valais\/\",\"url\":\"https:\/\/www.cavesduparadis.ch\/fr\/caves-du-paradis-sierre-vins-du-valais\/\",\"name\":\"Caves du Paradis \u00e0 Sierre | Achat Vins du Valais & D\u00e9gustation\",\"isPartOf\":{\"@id\":\"https:\/\/www.cavesduparadis.ch\/#website\"},\"primaryImageOfPage\":{\"@id\":\"https:\/\/www.cavesduparadis.ch\/fr\/caves-du-paradis-sierre-vins-du-valais\/#primaryimage\"},\"image\":{\"@id\":\"https:\/\/www.cavesduparadis.ch\/fr\/caves-du-paradis-sierre-vins-du-valais\/#primaryimage\"},\"thumbnailUrl\":\"https:\/\/www.cavesduparadis.ch\/wp-content\/uploads\/CavesDuParadisOlivierRoten-e1737410211898.png\",\"datePublished\":\"2014-12-21T18:30:06+00:00\",\"dateModified\":\"2026-03-10T15:13:08+00:00\",\"description\":\"D\u00e9couvrez les Caves du Paradis \u00e0 Sierre. Achat en ligne de Vins du Valais (Pinot, Heida, Larix) et r\u00e9servation de d\u00e9gustations au domaine.\",\"breadcrumb\":{\"@id\":\"https:\/\/www.cavesduparadis.ch\/fr\/caves-du-paradis-sierre-vins-du-valais\/#breadcrumb\"},\"inLanguage\":\"fr-FR\",\"potentialAction\":[{\"@type\":\"ReadAction\",\"target\":[\"https:\/\/www.cavesduparadis.ch\/fr\/caves-du-paradis-sierre-vins-du-valais\/\"]}]},{\"@type\":\"ImageObject\",\"inLanguage\":\"fr-FR\",\"@id\":\"https:\/\/www.cavesduparadis.ch\/fr\/caves-du-paradis-sierre-vins-du-valais\/#primaryimage\",\"url\":\"https:\/\/www.cavesduparadis.ch\/wp-content\/uploads\/CavesDuParadisOlivierRoten-e1737410211898.png\",\"contentUrl\":\"https:\/\/www.cavesduparadis.ch\/wp-content\/uploads\/CavesDuParadisOlivierRoten-e1737410211898.png\"},{\"@type\":\"BreadcrumbList\",\"@id\":\"https:\/\/www.cavesduparadis.ch\/fr\/caves-du-paradis-sierre-vins-du-valais\/#breadcrumb\",\"itemListElement\":[{\"@type\":\"ListItem\",\"position\":1,\"name\":\"Startseite\",\"item\":\"https:\/\/www.cavesduparadis.ch\/fr\/caves-du-paradis-sierre-vins-du-valais\/\"},{\"@type\":\"ListItem\",\"position\":2,\"name\":\"Caves du Paradis Sierre &#8211; Vins du Valais\"}]},{\"@type\":\"WebSite\",\"@id\":\"https:\/\/www.cavesduparadis.ch\/#website\",\"url\":\"https:\/\/www.cavesduparadis.ch\/\",\"name\":\"Caves du Paradis Olivier Roten\",\"description\":\"Vins du Valais\",\"publisher\":{\"@id\":\"https:\/\/www.cavesduparadis.ch\/#organization\"},\"potentialAction\":[{\"@type\":\"SearchAction\",\"target\":{\"@type\":\"EntryPoint\",\"urlTemplate\":\"https:\/\/www.cavesduparadis.ch\/?s={search_term_string}\"},\"query-input\":{\"@type\":\"PropertyValueSpecification\",\"valueRequired\":true,\"valueName\":\"search_term_string\"}}],\"inLanguage\":\"fr-FR\"},{\"@type\":\"Organization\",\"@id\":\"https:\/\/www.cavesduparadis.ch\/#organization\",\"name\":\"Caves du Paradis\",\"url\":\"https:\/\/www.cavesduparadis.ch\/\",\"logo\":{\"@type\":\"ImageObject\",\"inLanguage\":\"fr-FR\",\"@id\":\"https:\/\/www.cavesduparadis.ch\/#\/schema\/logo\/image\/\",\"url\":\"https:\/\/www.cavesduparadis.ch\/wp-content\/uploads\/CdPOlivierRoten-2.png\",\"contentUrl\":\"https:\/\/www.cavesduparadis.ch\/wp-content\/uploads\/CdPOlivierRoten-2.png\",\"width\":498,\"height\":579,\"caption\":\"Caves du Paradis\"},\"image\":{\"@id\":\"https:\/\/www.cavesduparadis.ch\/#\/schema\/logo\/image\/\"},\"sameAs\":[\"https:\/\/www.facebook.com\/cavesparadis\"]}]}<\/script>\n<!-- \/ Yoast SEO plugin. -->","yoast_head_json":{"title":"Caves du Paradis \u00e0 Sierre | Achat Vins du Valais & D\u00e9gustation","description":"D\u00e9couvrez les Caves du Paradis \u00e0 Sierre. Achat en ligne de Vins du Valais (Pinot, Heida, Larix) et r\u00e9servation de d\u00e9gustations au domaine.","robots":{"index":"index","follow":"follow","max-snippet":"max-snippet:-1","max-image-preview":"max-image-preview:large","max-video-preview":"max-video-preview:-1"},"canonical":"https:\/\/www.cavesduparadis.ch\/fr\/caves-du-paradis-sierre-vins-du-valais\/","og_locale":"fr_FR","og_type":"article","og_title":"Caves du Paradis \u00e0 Sierre | Achat Vins du Valais & D\u00e9gustation","og_description":"D\u00e9couvrez les Caves du Paradis \u00e0 Sierre. Achat en ligne de Vins du Valais (Pinot, Heida, Larix) et r\u00e9servation de d\u00e9gustations au domaine.","og_url":"https:\/\/www.cavesduparadis.ch\/fr\/caves-du-paradis-sierre-vins-du-valais\/","og_site_name":"Caves du Paradis Olivier Roten","article_publisher":"https:\/\/www.facebook.com\/cavesparadis","article_modified_time":"2026-03-10T15:13:08+00:00","og_image":[{"url":"https:\/\/www.cavesduparadis.ch\/wp-content\/uploads\/CavesDuParadisOlivierRoten-e1737410211898.png","type":"","width":"","height":""}],"twitter_card":"summary_large_image","twitter_misc":{"Dur\u00e9e de lecture estim\u00e9e":"7 minutes"},"schema":{"@context":"https:\/\/schema.org","@graph":[{"@type":"WebPage","@id":"https:\/\/www.cavesduparadis.ch\/fr\/caves-du-paradis-sierre-vins-du-valais\/","url":"https:\/\/www.cavesduparadis.ch\/fr\/caves-du-paradis-sierre-vins-du-valais\/","name":"Caves du Paradis \u00e0 Sierre | Achat Vins du Valais & D\u00e9gustation","isPartOf":{"@id":"https:\/\/www.cavesduparadis.ch\/#website"},"primaryImageOfPage":{"@id":"https:\/\/www.cavesduparadis.ch\/fr\/caves-du-paradis-sierre-vins-du-valais\/#primaryimage"},"image":{"@id":"https:\/\/www.cavesduparadis.ch\/fr\/caves-du-paradis-sierre-vins-du-valais\/#primaryimage"},"thumbnailUrl":"https:\/\/www.cavesduparadis.ch\/wp-content\/uploads\/CavesDuParadisOlivierRoten-e1737410211898.png","datePublished":"2014-12-21T18:30:06+00:00","dateModified":"2026-03-10T15:13:08+00:00","description":"D\u00e9couvrez les Caves du Paradis \u00e0 Sierre. Achat en ligne de Vins du Valais (Pinot, Heida, Larix) et r\u00e9servation de d\u00e9gustations au domaine.","breadcrumb":{"@id":"https:\/\/www.cavesduparadis.ch\/fr\/caves-du-paradis-sierre-vins-du-valais\/#breadcrumb"},"inLanguage":"fr-FR","potentialAction":[{"@type":"ReadAction","target":["https:\/\/www.cavesduparadis.ch\/fr\/caves-du-paradis-sierre-vins-du-valais\/"]}]},{"@type":"ImageObject","inLanguage":"fr-FR","@id":"https:\/\/www.cavesduparadis.ch\/fr\/caves-du-paradis-sierre-vins-du-valais\/#primaryimage","url":"https:\/\/www.cavesduparadis.ch\/wp-content\/uploads\/CavesDuParadisOlivierRoten-e1737410211898.png","contentUrl":"https:\/\/www.cavesduparadis.ch\/wp-content\/uploads\/CavesDuParadisOlivierRoten-e1737410211898.png"},{"@type":"BreadcrumbList","@id":"https:\/\/www.cavesduparadis.ch\/fr\/caves-du-paradis-sierre-vins-du-valais\/#breadcrumb","itemListElement":[{"@type":"ListItem","position":1,"name":"Startseite","item":"https:\/\/www.cavesduparadis.ch\/fr\/caves-du-paradis-sierre-vins-du-valais\/"},{"@type":"ListItem","position":2,"name":"Caves du Paradis Sierre &#8211; Vins du Valais"}]},{"@type":"WebSite","@id":"https:\/\/www.cavesduparadis.ch\/#website","url":"https:\/\/www.cavesduparadis.ch\/","name":"Caves du Paradis Olivier Roten","description":"Vins du Valais","publisher":{"@id":"https:\/\/www.cavesduparadis.ch\/#organization"},"potentialAction":[{"@type":"SearchAction","target":{"@type":"EntryPoint","urlTemplate":"https:\/\/www.cavesduparadis.ch\/?s={search_term_string}"},"query-input":{"@type":"PropertyValueSpecification","valueRequired":true,"valueName":"search_term_string"}}],"inLanguage":"fr-FR"},{"@type":"Organization","@id":"https:\/\/www.cavesduparadis.ch\/#organization","name":"Caves du Paradis","url":"https:\/\/www.cavesduparadis.ch\/","logo":{"@type":"ImageObject","inLanguage":"fr-FR","@id":"https:\/\/www.cavesduparadis.ch\/#\/schema\/logo\/image\/","url":"https:\/\/www.cavesduparadis.ch\/wp-content\/uploads\/CdPOlivierRoten-2.png","contentUrl":"https:\/\/www.cavesduparadis.ch\/wp-content\/uploads\/CdPOlivierRoten-2.png","width":498,"height":579,"caption":"Caves du Paradis"},"image":{"@id":"https:\/\/www.cavesduparadis.ch\/#\/schema\/logo\/image\/"},"sameAs":["https:\/\/www.facebook.com\/cavesparadis"]}]}},"_links":{"self":[{"href":"https:\/\/www.cavesduparadis.ch\/fr\/wp-json\/wp\/v2\/pages\/1055","targetHints":{"allow":["GET"]}}],"collection":[{"href":"https:\/\/www.cavesduparadis.ch\/fr\/wp-json\/wp\/v2\/pages"}],"about":[{"href":"https:\/\/www.cavesduparadis.ch\/fr\/wp-json\/wp\/v2\/types\/page"}],"author":[{"embeddable":true,"href":"https:\/\/www.cavesduparadis.ch\/fr\/wp-json\/wp\/v2\/users\/3"}],"replies":[{"embeddable":true,"href":"https:\/\/www.cavesduparadis.ch\/fr\/wp-json\/wp\/v2\/comments?post=1055"}],"version-history":[{"count":136,"href":"https:\/\/www.cavesduparadis.ch\/fr\/wp-json\/wp\/v2\/pages\/1055\/revisions"}],"predecessor-version":[{"id":11688,"href":"https:\/\/www.cavesduparadis.ch\/fr\/wp-json\/wp\/v2\/pages\/1055\/revisions\/11688"}],"wp:attachment":[{"href":"https:\/\/www.cavesduparadis.ch\/fr\/wp-json\/wp\/v2\/media?parent=1055"}],"curies":[{"name":"wp","href":"https:\/\/api.w.org\/{rel}","templated":true}]}}