{"id":11526,"date":"2026-03-01T09:43:32","date_gmt":"2026-03-01T07:43:32","guid":{"rendered":"https:\/\/www.cavesduparadis.ch\/?page_id=11526"},"modified":"2026-03-27T00:25:08","modified_gmt":"2026-03-26T22:25:08","slug":"location-salle-valais","status":"publish","type":"page","link":"https:\/\/www.cavesduparadis.ch\/fr\/location-salle-valais\/","title":{"rendered":"Location Carnotzet"},"content":{"rendered":"<\/div><\/div><\/div><!-- close content main div --><\/div><\/div><div id='av_section_1' class='avia-section main_color avia-section-default avia-no-border-styling avia-full-stretch av-section-color-overlay-active avia-bg-style-scroll    av-minimum-height av-minimum-height-50 container_wrap fullsize' style = 'background-repeat: no-repeat; background-image: url(https:\/\/www.cavesduparadis.ch\/wp-content\/uploads\/carnotzet.jpg); background-attachment: scroll; background-position: center center; ' data-section-bg-repeat='stretch' ><div class='av-section-color-overlay-wrap'><div class='av-section-color-overlay' style='opacity: 0.5; background-color: #ffffff; '><\/div><div class='container' ><div class='template-page content  av-content-full alpha units'><div class='post-entry post-entry-type-page post-entry-11526'><div class='entry-content-wrapper clearfix'>\n<div style='padding-bottom:10px;color:#ffffff;' class='av-special-heading av-special-heading-h1 custom-color-heading blockquote modern-quote modern-centered   '><h1 class='av-special-heading-tag '  itemprop=\"headline\"  >Location de notre Salle \u00e0 Sierre<\/h1><div class='special-heading-border'><div class='special-heading-inner-border' style='border-color:#ffffff'><\/div><\/div><\/div>\n\n<\/div><\/div><\/div><!-- close content main div --><\/div><\/div><\/div><div id='av_section_2' class='avia-section main_color avia-section-default avia-no-border-styling avia-bg-style-scroll    container_wrap fullsize' style = 'background-color: #ffffff; '  ><div class='container' ><div class='template-page content  av-content-full alpha units'><div class='post-entry post-entry-type-page post-entry-11526'><div class='entry-content-wrapper clearfix'>\n<div class=\"flex_column av_one_half  flex_column_div av-zero-column-padding first  \" style='border-radius:0px; '><p><div style='padding-bottom:10px;color:#000000;' class='av-special-heading av-special-heading-h2 custom-color-heading blockquote modern-quote modern-centered   '><h2 class='av-special-heading-tag '  itemprop=\"headline\"  >Le lieu id\u00e9al pour vos \u00e9v\u00e9nements<\/h2><div class='special-heading-border'><div class='special-heading-inner-border' style='border-color:#000000'><\/div><\/div><\/div><br \/>\n<section class=\"av_textblock_section \"  itemscope=\"itemscope\" itemtype=\"https:\/\/schema.org\/CreativeWork\" ><div class='avia_textblock  '   itemprop=\"text\" ><p class=\"ng-star-inserted\"><span class=\"ng-star-inserted\">Au c\u0153ur du Valais \u00e0 Sierre, notre carnotzet vous ouvre ses portes. Que ce soit pour un anniversaire, une sortie d&rsquo;entreprise, une assembl\u00e9e ou un simple repas entre amis, profitez de louer notre salle au cadre authentique et chaleureux.<\/span><\/p>\n<p class=\"ng-star-inserted\"><strong class=\"ng-star-inserted\"><span class=\"ng-star-inserted\">\u00c0 votre disposition :<\/span><\/strong><br class=\"ng-star-inserted\" \/><span class=\"ng-star-inserted\">\u2022 \ud83d\udc65 Capacit\u00e9 : Jusqu&rsquo;\u00e0 35 personnes assises. \/ Grand Parking \u00e0 disposition.<\/span><br class=\"ng-star-inserted\" \/><span class=\"ng-star-inserted\">\u2022 \ud83c\udf7d\ufe0f Cuisine : Enti\u00e8rement agenc\u00e9e avec vaisselle, frigos, plaques et four.<\/span><br class=\"ng-star-inserted\" \/><span class=\"ng-star-inserted\">\u2022 \ud83c\udf77 Vins : Nos crus du domaine au prix d\u00e9part cave.<\/span><br class=\"ng-star-inserted\" \/><span class=\"ng-star-inserted\">\u2022 \ud83c\udfb5 Ambiance : Syst\u00e8me de musique (Cable Jack), espace chauff\u00e9 avec sanitaires (hommes\/femmes).<\/span><\/p>\n<\/div><\/section><\/p><\/div><div class=\"flex_column av_one_half  flex_column_div av-zero-column-padding   \" style='border-radius:0px; '><div class='avia-gallery  avia-gallery-1 deactivate_avia_lazyload avia_animate_when_visible   av-hide-gallery-thumbs'  itemprop=\"ImageObject\" itemscope=\"itemscope\" itemtype=\"https:\/\/schema.org\/ImageObject\" ><a class='avia-gallery-big fakeLightbox lightbox avia-gallery-big-crop-thumb ' href='https:\/\/www.cavesduparadis.ch\/wp-content\/uploads\/carnotzet.jpg'  data-onclick='1' title='' ><span class='avia-gallery-big-inner'  itemprop=\"thumbnailUrl\" >\t<img width='495' height='338' src='https:\/\/www.cavesduparadis.ch\/wp-content\/uploads\/carnotzet.jpg' title='carnotzet' alt='location salle valais' \/><\/span><\/a><div class='avia-gallery-thumb'> <a href='https:\/\/www.cavesduparadis.ch\/wp-content\/uploads\/carnotzet.jpg' data-rel='gallery-1' data-prev-img='https:\/\/www.cavesduparadis.ch\/wp-content\/uploads\/carnotzet.jpg' class='first_thumb lightbox ' data-onclick='1' title=''  itemprop=\"thumbnailUrl\" ><img  src='https:\/\/www.cavesduparadis.ch\/wp-content\/uploads\/carnotzet.jpg' width='495' height='338'  title='carnotzet' alt='location salle valais' \/><\/a><\/div><\/div><\/div>\n\n<div class='flex_column_table av-equal-height-column-flextable -flextable' ><div class=\"flex_column av_one_half  flex_column_table_cell av-equal-height-column av-align-top av-zero-column-padding first  carte-pro \" style='border-radius:0px; '><p><span class=\"av_font_icon avia_animate_when_visible  av-icon-style-  av-no-color avia-icon-pos-center \" style=\"\"><span class='av-icon-char' style='font-size:30px;line-height:30px;' aria-hidden='true' data-av_icon='\ue862' data-av_iconfont='entypo-fontello' ><\/span><\/span><br \/>\n<div style='padding-bottom:10px;color:#000000;' class='av-special-heading av-special-heading-h3 custom-color-heading blockquote modern-quote modern-centered   '><h3 class='av-special-heading-tag '  itemprop=\"headline\"  >Demi-journ\u00e9e (5h)<\/h3><div class='special-heading-border'><div class='special-heading-inner-border' style='border-color:#000000'><\/div><\/div><\/div><br \/>\n<section class=\"av_textblock_section \"  itemscope=\"itemscope\" itemtype=\"https:\/\/schema.org\/CreativeWork\" ><div class='avia_textblock  '   itemprop=\"text\" ><p style=\"text-align: center;\"><strong><span class=\"router-outlet-wrapper ng-tns-c3227742768-0\"><span class=\"ng-star-inserted\">100 CHF<\/span><\/span><\/strong><\/p>\n<p style=\"text-align: center;\">(+50 CHF si m\u00e9nage cons\u00e9quent)<\/p>\n<\/div><\/section><br \/>\n<section class=\"av_textblock_section \"  itemscope=\"itemscope\" itemtype=\"https:\/\/schema.org\/CreativeWork\" ><div class='avia_textblock  '   itemprop=\"text\" ><p style=\"text-align: center;\"><span class=\"router-outlet-wrapper ng-tns-c3227742768-0\"><span class=\"ng-star-inserted\">Id\u00e9al pour les assembl\u00e9es g\u00e9n\u00e9rales, les s\u00e9ances de comit\u00e9 ou team-building d&rsquo;entreprise en journ\u00e9e. Acc\u00e8s complet au Carnotzet et \u00e0 ses \u00e9quipements pendant 5 heures.<\/span><\/span><\/p>\n<\/div><\/section><\/p><\/div><\/div><!--close column table wrapper. Autoclose: 1 -->\n<div class='flex_column_table av-equal-height-column-flextable -flextable' ><div class='av-flex-placeholder'><\/div><div class=\"flex_column av_one_half  flex_column_table_cell av-equal-height-column av-align-top av-zero-column-padding   carte-pro \" style='border-radius:0px; '><p><span class=\"av_font_icon avia_animate_when_visible  av-icon-style-  av-no-color avia-icon-pos-center \" style=\"\"><span class='av-icon-char' style='font-size:30px;line-height:30px;' aria-hidden='true' data-av_icon='\ue809' data-av_iconfont='entypo-fontello' ><\/span><\/span><br \/>\n<div style='padding-bottom:10px;color:#000000;' class='av-special-heading av-special-heading-h3 custom-color-heading blockquote modern-quote modern-centered   '><h3 class='av-special-heading-tag '  itemprop=\"headline\"  >Soir\u00e9e <span class='special_amp'>&amp;<\/span> Festivit\u00e9s<\/h3><div class='special-heading-border'><div class='special-heading-inner-border' style='border-color:#000000'><\/div><\/div><\/div><br \/>\n<section class=\"av_textblock_section \"  itemscope=\"itemscope\" itemtype=\"https:\/\/schema.org\/CreativeWork\" ><div class='avia_textblock  '   itemprop=\"text\" ><p style=\"text-align: center;\"><strong><span class=\"router-outlet-wrapper ng-tns-c3227742768-0\"><span class=\"ng-star-inserted\">375 CHF<\/span><\/span><\/strong><\/p>\n<p style=\"text-align: center;\">(avec 150.- de vins compris)<\/p>\n<\/div><\/section><br \/>\n<section class=\"av_textblock_section \"  itemscope=\"itemscope\" itemtype=\"https:\/\/schema.org\/CreativeWork\" ><div class='avia_textblock  '   itemprop=\"text\" ><p style=\"text-align: center;\"><span class=\"router-outlet-wrapper ng-tns-c3227742768-0\"><span class=\"ng-star-inserted\">Le format parfait pour vos anniversaires, raclettes ou soupers d&rsquo;entreprise. Profitez de notre espace chaleureux pour toute la journ\u00e9e ou soir\u00e9e.<\/span><\/span><\/p>\n<\/div><\/section><\/p><\/div><\/div><!--close column table wrapper. Autoclose: 1 -->\n<\/div><\/div><\/div><!-- close content main div --><\/div><\/div><div id='av_section_3' class='avia-section main_color avia-section-default avia-no-border-styling avia-bg-style-scroll    container_wrap fullsize' style = 'background-color: #f9f7f2; '  ><div class='container' ><div class='template-page content  av-content-full alpha units'><div class='post-entry post-entry-type-page post-entry-11526'><div class='entry-content-wrapper clearfix'>\n<div style='padding-bottom:0px;color:#000000;' class='av-special-heading av-special-heading-h2 custom-color-heading blockquote modern-quote modern-centered   '><h2 class='av-special-heading-tag '  itemprop=\"headline\"  >V\u00e9rifiez la disponibilit\u00e9 <span class='special_amp'>&amp;<\/span> R\u00e9servez<\/h2><div class='special-heading-border'><div class='special-heading-inner-border' style='border-color:#000000'><\/div><\/div><\/div>\n<section class=\"av_textblock_section \"  itemscope=\"itemscope\" itemtype=\"https:\/\/schema.org\/CreativeWork\" ><div class='avia_textblock  '   itemprop=\"text\" >\n<script>\n  if (typeof hasAmeliaEntitiesApiCall === 'undefined' && ('' === '' && '' !== '1')) {\n    var hasAmeliaEntitiesApiCall = true;\n  }\n  var ameliaShortcodeData = (typeof ameliaShortcodeData === 'undefined') ? [] : ameliaShortcodeData;\n  ameliaShortcodeData.push(\n    {\n      'hasApiCall': (typeof hasAmeliaEntitiesApiCall !== 'undefined') && hasAmeliaEntitiesApiCall,\n      'trigger': '',\n      'trigger_type': '',\n      'triggered_form': 'sbsNew',\n      'in_dialog': '',\n      'show': '',\n      'counter': '1000',\n      'category': '2',\n      'service': '',\n      'employee': '',\n      'location': '',\n      'package': '',\n      'layout': '',\n    }\n  );\n\n  var ameliaShortcodeDataTriggered = (typeof ameliaShortcodeDataTriggered === 'undefined') ? [] : ameliaShortcodeDataTriggered;\n  if (ameliaShortcodeData[ameliaShortcodeData.length - 1].trigger !== '') {\n    if (ameliaShortcodeDataTriggered.filter(a => a.counter === ameliaShortcodeData[ameliaShortcodeData.length - 1].counter).length === 0) {\n      ameliaShortcodeDataTriggered.push(ameliaShortcodeData.pop());\n    } else {\n      ameliaShortcodeData.pop()\n    }\n  }\n  if (typeof hasAmeliaEntitiesApiCall !== 'undefined' && hasAmeliaEntitiesApiCall) {\n    hasAmeliaEntitiesApiCall = false;\n  }\n<\/script>\n\n<div\n  id=\"amelia-v2-booking-1000\"\n  class=\"amelia-v2-booking\"\n >\n    <step-form-wrapper><\/step-form-wrapper><\/div>\n\n<\/div><\/section>\n\n<div class='flex_column_table av-equal-height-column-flextable -flextable' ><div class=\"flex_column av_one_full  flex_column_table_cell av-equal-height-column av-align-top av-zero-column-padding first  carte-pro \" style='border-radius:0px; '><p><span class=\"av_font_icon avia_animate_when_visible  av-icon-style-  av-no-color avia-icon-pos-center \" style=\"\"><span class='av-icon-char' style='font-size:30px;line-height:30px;' aria-hidden='true' data-av_icon='\ue821' data-av_iconfont='entypo-fontello' ><\/span><\/span><br \/>\n<div style='padding-bottom:10px;color:#000000;' class='av-special-heading av-special-heading-h3 custom-color-heading blockquote modern-quote modern-centered   '><h3 class='av-special-heading-tag '  itemprop=\"headline\"  >Pour toute question ou visite de la salle au pr\u00e9alable: <a href=\"#footer\">contactez-nous par e-mail ou t\u00e9l\u00e9phone!<\/a><\/h3><div class='special-heading-border'><div class='special-heading-inner-border' style='border-color:#000000'><\/div><\/div><\/div><\/p><\/div><\/div><!--close column table wrapper. Autoclose: 1 -->\n<\/div><\/div><\/div><!-- close content main div --><\/div><\/div><div id='av_section_4' class='avia-section main_color avia-section-default avia-no-border-styling avia-bg-style-scroll    container_wrap fullsize' style = 'background-color: #ffffff; '  ><div class='container' ><div class='template-page content  av-content-full alpha units'><div class='post-entry post-entry-type-page post-entry-11526'><div class='entry-content-wrapper clearfix'>\n<div class=\"flex_column av_two_fifth  flex_column_div av-zero-column-padding first  \" style='border-radius:0px; '><div class='avia-image-container  av-styling-     avia-align-center '  itemprop=\"ImageObject\" itemscope=\"itemscope\" itemtype=\"https:\/\/schema.org\/ImageObject\"  ><div class='avia-image-container-inner'><img class='avia_image ' src='https:\/\/www.cavesduparadis.ch\/wp-content\/uploads\/barriques-845x684.jpg' alt='' title='barriques'   itemprop=\"thumbnailUrl\"  \/><\/div><\/div><\/div><div class=\"flex_column av_one_half  flex_column_div av-zero-column-padding   \" style='border-radius:0px; '><p><div style='padding-bottom:10px;color:#000000;' class='av-special-heading av-special-heading-h2 custom-color-heading blockquote modern-quote modern-centered   '><h2 class='av-special-heading-tag '  itemprop=\"headline\"  >D\u00e9couvrez nos vins du domaine<\/h2><div class='special-heading-border'><div class='special-heading-inner-border' style='border-color:#000000'><\/div><\/div><\/div><br \/>\n<section class=\"av_textblock_section \"  itemscope=\"itemscope\" itemtype=\"https:\/\/schema.org\/CreativeWork\" ><div class='avia_textblock  '   itemprop=\"text\" ><style>\n        p {<br \/>            text-align: justify; \/* Justifie le texte *\/<br \/>            text-justify: inter-word; \/* Am\u00e9liore la r\u00e9partition des espaces *\/<br \/>        }<br \/>    <\/style>\n<p class=\"ng-star-inserted\"><span class=\"ng-star-inserted\">Profitez de nos prix avantageux sur notre large choix de crus valaisans pour accompagner vos ap\u00e9ritifs, repas et moments de partage. Nous nous ferons un plaisir de vous accueillir auparavant \u00e0 la cave pour vous pr\u00e9senter et vous faire d\u00e9guster nos vins du domaine.<\/span><\/p>\n<\/div><\/section><br \/>\n<div class='avia-button-wrap avia-button-center  '><a href='https:\/\/www.cavesduparadis.ch\/fr\/vins-shop\/' class='avia-button   avia-icon_select-yes-left-icon avia-color-theme-color avia-size-large avia-position-center '   ><span class='avia_button_icon avia_button_icon_left ' aria-hidden='true' data-av_icon='\ue88d' data-av_iconfont='entypo-fontello'><\/span><span class='avia_iconbox_title' >Vers Notre S\u00e9lection<\/span><\/a><\/div><\/p><\/div><\/div><\/div><\/div><!-- close content main div --><\/div><\/div><div id='av_section_5' class='avia-section main_color avia-section-default avia-no-border-styling avia-bg-style-scroll    container_wrap fullsize' style = 'background-color: #ffffff; '  ><div class='container' ><div class='template-page content  av-content-full alpha units'><div class='post-entry post-entry-type-page post-entry-11526'><div class='entry-content-wrapper clearfix'>\n<div class=\"flex_column av_one_half  flex_column_div av-zero-column-padding first  \" style='border-radius:0px; '><p><div style='padding-bottom:10px;color:#000000;' class='av-special-heading av-special-heading-h3 custom-color-heading blockquote modern-quote modern-centered   '><h3 class='av-special-heading-tag '  itemprop=\"headline\"  >Besoin d\u2019aide en cuisine?<\/h3><div class='special-heading-border'><div class='special-heading-inner-border' style='border-color:#000000'><\/div><\/div><\/div><br \/>\n<section class=\"av_textblock_section \"  itemscope=\"itemscope\" itemtype=\"https:\/\/schema.org\/CreativeWork\" ><div class='avia_textblock  '   itemprop=\"text\" ><p class=\"ng-star-inserted\">\n<style>\n        p {<br \/>            text-align: justify; \/* Justifie le texte *\/<br \/>            text-justify: inter-word; \/* Am\u00e9liore la r\u00e9partition des espaces *\/<br \/>        }<br \/>    <\/style>\n<\/p>\n<p class=\"ng-star-inserted\"><span class=\"ng-star-inserted\">Vignerons avant tout, nous d\u00e9fendons le tissu r\u00e9gional et travaillons en collaboration avec des partenaires locaux de qualit\u00e9 (restaurateurs, traiteurs, bouchers et fromagers) &#8211; Contactez-nous et nous pourrons vous aiguiller vers le meilleur choix selon vos besoins et votre budget.<\/span><\/p>\n<\/div><\/section><\/p><\/div><div class=\"flex_column av_two_fifth  flex_column_div av-zero-column-padding   \" style='border-radius:0px; '><div class='avia-image-container  av-styling-     avia-align-center '  itemprop=\"ImageObject\" itemscope=\"itemscope\" itemtype=\"https:\/\/schema.org\/ImageObject\"  ><div class='avia-image-container-inner'><img class='avia_image ' src='https:\/\/www.cavesduparadis.ch\/wp-content\/uploads\/partenaires_local.jpg' alt='partenaires_locaux' title='partenaires_local'   itemprop=\"thumbnailUrl\"  \/><\/div><\/div><\/div>\n<\/p>\n","protected":false},"excerpt":{"rendered":"","protected":false},"author":3,"featured_media":0,"parent":0,"menu_order":0,"comment_status":"closed","ping_status":"closed","template":"","meta":{"footnotes":""},"class_list":["post-11526","page","type-page","status-publish","hentry"],"yoast_head":"<!-- This site is optimized with the Yoast SEO plugin v27.0 - https:\/\/yoast.com\/product\/yoast-seo-wordpress\/ -->\n<title>Location salle Valais pour r\u00e9unions, f\u00eates, anniversaires - Caves du Paradis Olivier Roten<\/title>\n<meta name=\"description\" content=\"Location de salle en Valais pour vos \u00e9v\u00e9nements jusqu&#039;\u00e0 35 personnes assises. Grand parking, 2min de la sortie Sierre Est, toute \u00e9quip\u00e9e.\" \/>\n<meta name=\"robots\" content=\"index, follow, max-snippet:-1, max-image-preview:large, max-video-preview:-1\" \/>\n<link rel=\"canonical\" href=\"https:\/\/www.cavesduparadis.ch\/fr\/location-salle-valais\/\" \/>\n<meta property=\"og:locale\" content=\"fr_FR\" \/>\n<meta property=\"og:type\" content=\"article\" \/>\n<meta property=\"og:title\" content=\"Location salle Valais pour r\u00e9unions, f\u00eates, anniversaires - Caves du Paradis Olivier Roten\" \/>\n<meta property=\"og:description\" content=\"Location de salle en Valais pour vos \u00e9v\u00e9nements jusqu&#039;\u00e0 35 personnes assises. Grand parking, 2min de la sortie Sierre Est, toute \u00e9quip\u00e9e.\" \/>\n<meta property=\"og:url\" content=\"https:\/\/www.cavesduparadis.ch\/fr\/location-salle-valais\/\" \/>\n<meta property=\"og:site_name\" content=\"Caves du Paradis Olivier Roten\" \/>\n<meta property=\"article:publisher\" content=\"https:\/\/www.facebook.com\/cavesparadis\" \/>\n<meta property=\"article:modified_time\" content=\"2026-03-26T22:25:08+00:00\" \/>\n<meta name=\"twitter:card\" content=\"summary_large_image\" \/>\n<meta name=\"twitter:label1\" content=\"Dur\u00e9e de lecture estim\u00e9e\" \/>\n\t<meta name=\"twitter:data1\" content=\"5 minutes\" \/>\n<script type=\"application\/ld+json\" class=\"yoast-schema-graph\">{\"@context\":\"https:\/\/schema.org\",\"@graph\":[{\"@type\":\"WebPage\",\"@id\":\"https:\/\/www.cavesduparadis.ch\/fr\/location-salle-valais\/\",\"url\":\"https:\/\/www.cavesduparadis.ch\/fr\/location-salle-valais\/\",\"name\":\"Location salle Valais pour r\u00e9unions, f\u00eates, anniversaires - Caves du Paradis Olivier Roten\",\"isPartOf\":{\"@id\":\"https:\/\/www.cavesduparadis.ch\/#website\"},\"datePublished\":\"2026-03-01T07:43:32+00:00\",\"dateModified\":\"2026-03-26T22:25:08+00:00\",\"description\":\"Location de salle en Valais pour vos \u00e9v\u00e9nements jusqu'\u00e0 35 personnes assises. Grand parking, 2min de la sortie Sierre Est, toute \u00e9quip\u00e9e.\",\"breadcrumb\":{\"@id\":\"https:\/\/www.cavesduparadis.ch\/fr\/location-salle-valais\/#breadcrumb\"},\"inLanguage\":\"fr-FR\",\"potentialAction\":[{\"@type\":\"ReadAction\",\"target\":[\"https:\/\/www.cavesduparadis.ch\/fr\/location-salle-valais\/\"]}]},{\"@type\":\"BreadcrumbList\",\"@id\":\"https:\/\/www.cavesduparadis.ch\/fr\/location-salle-valais\/#breadcrumb\",\"itemListElement\":[{\"@type\":\"ListItem\",\"position\":1,\"name\":\"Startseite\",\"item\":\"https:\/\/www.cavesduparadis.ch\/fr\/caves-du-paradis-sierre-vins-du-valais\/\"},{\"@type\":\"ListItem\",\"position\":2,\"name\":\"Location Carnotzet\"}]},{\"@type\":\"WebSite\",\"@id\":\"https:\/\/www.cavesduparadis.ch\/#website\",\"url\":\"https:\/\/www.cavesduparadis.ch\/\",\"name\":\"Caves du Paradis Olivier Roten\",\"description\":\"Vins du Valais\",\"publisher\":{\"@id\":\"https:\/\/www.cavesduparadis.ch\/#organization\"},\"potentialAction\":[{\"@type\":\"SearchAction\",\"target\":{\"@type\":\"EntryPoint\",\"urlTemplate\":\"https:\/\/www.cavesduparadis.ch\/?s={search_term_string}\"},\"query-input\":{\"@type\":\"PropertyValueSpecification\",\"valueRequired\":true,\"valueName\":\"search_term_string\"}}],\"inLanguage\":\"fr-FR\"},{\"@type\":\"Organization\",\"@id\":\"https:\/\/www.cavesduparadis.ch\/#organization\",\"name\":\"Caves du Paradis\",\"url\":\"https:\/\/www.cavesduparadis.ch\/\",\"logo\":{\"@type\":\"ImageObject\",\"inLanguage\":\"fr-FR\",\"@id\":\"https:\/\/www.cavesduparadis.ch\/#\/schema\/logo\/image\/\",\"url\":\"https:\/\/www.cavesduparadis.ch\/wp-content\/uploads\/CdPOlivierRoten-2.png\",\"contentUrl\":\"https:\/\/www.cavesduparadis.ch\/wp-content\/uploads\/CdPOlivierRoten-2.png\",\"width\":498,\"height\":579,\"caption\":\"Caves du Paradis\"},\"image\":{\"@id\":\"https:\/\/www.cavesduparadis.ch\/#\/schema\/logo\/image\/\"},\"sameAs\":[\"https:\/\/www.facebook.com\/cavesparadis\"]}]}<\/script>\n<!-- \/ Yoast SEO plugin. -->","yoast_head_json":{"title":"Location salle Valais pour r\u00e9unions, f\u00eates, anniversaires - Caves du Paradis Olivier Roten","description":"Location de salle en Valais pour vos \u00e9v\u00e9nements jusqu'\u00e0 35 personnes assises. Grand parking, 2min de la sortie Sierre Est, toute \u00e9quip\u00e9e.","robots":{"index":"index","follow":"follow","max-snippet":"max-snippet:-1","max-image-preview":"max-image-preview:large","max-video-preview":"max-video-preview:-1"},"canonical":"https:\/\/www.cavesduparadis.ch\/fr\/location-salle-valais\/","og_locale":"fr_FR","og_type":"article","og_title":"Location salle Valais pour r\u00e9unions, f\u00eates, anniversaires - Caves du Paradis Olivier Roten","og_description":"Location de salle en Valais pour vos \u00e9v\u00e9nements jusqu'\u00e0 35 personnes assises. Grand parking, 2min de la sortie Sierre Est, toute \u00e9quip\u00e9e.","og_url":"https:\/\/www.cavesduparadis.ch\/fr\/location-salle-valais\/","og_site_name":"Caves du Paradis Olivier Roten","article_publisher":"https:\/\/www.facebook.com\/cavesparadis","article_modified_time":"2026-03-26T22:25:08+00:00","twitter_card":"summary_large_image","twitter_misc":{"Dur\u00e9e de lecture estim\u00e9e":"5 minutes"},"schema":{"@context":"https:\/\/schema.org","@graph":[{"@type":"WebPage","@id":"https:\/\/www.cavesduparadis.ch\/fr\/location-salle-valais\/","url":"https:\/\/www.cavesduparadis.ch\/fr\/location-salle-valais\/","name":"Location salle Valais pour r\u00e9unions, f\u00eates, anniversaires - Caves du Paradis Olivier Roten","isPartOf":{"@id":"https:\/\/www.cavesduparadis.ch\/#website"},"datePublished":"2026-03-01T07:43:32+00:00","dateModified":"2026-03-26T22:25:08+00:00","description":"Location de salle en Valais pour vos \u00e9v\u00e9nements jusqu'\u00e0 35 personnes assises. Grand parking, 2min de la sortie Sierre Est, toute \u00e9quip\u00e9e.","breadcrumb":{"@id":"https:\/\/www.cavesduparadis.ch\/fr\/location-salle-valais\/#breadcrumb"},"inLanguage":"fr-FR","potentialAction":[{"@type":"ReadAction","target":["https:\/\/www.cavesduparadis.ch\/fr\/location-salle-valais\/"]}]},{"@type":"BreadcrumbList","@id":"https:\/\/www.cavesduparadis.ch\/fr\/location-salle-valais\/#breadcrumb","itemListElement":[{"@type":"ListItem","position":1,"name":"Startseite","item":"https:\/\/www.cavesduparadis.ch\/fr\/caves-du-paradis-sierre-vins-du-valais\/"},{"@type":"ListItem","position":2,"name":"Location Carnotzet"}]},{"@type":"WebSite","@id":"https:\/\/www.cavesduparadis.ch\/#website","url":"https:\/\/www.cavesduparadis.ch\/","name":"Caves du Paradis Olivier Roten","description":"Vins du Valais","publisher":{"@id":"https:\/\/www.cavesduparadis.ch\/#organization"},"potentialAction":[{"@type":"SearchAction","target":{"@type":"EntryPoint","urlTemplate":"https:\/\/www.cavesduparadis.ch\/?s={search_term_string}"},"query-input":{"@type":"PropertyValueSpecification","valueRequired":true,"valueName":"search_term_string"}}],"inLanguage":"fr-FR"},{"@type":"Organization","@id":"https:\/\/www.cavesduparadis.ch\/#organization","name":"Caves du Paradis","url":"https:\/\/www.cavesduparadis.ch\/","logo":{"@type":"ImageObject","inLanguage":"fr-FR","@id":"https:\/\/www.cavesduparadis.ch\/#\/schema\/logo\/image\/","url":"https:\/\/www.cavesduparadis.ch\/wp-content\/uploads\/CdPOlivierRoten-2.png","contentUrl":"https:\/\/www.cavesduparadis.ch\/wp-content\/uploads\/CdPOlivierRoten-2.png","width":498,"height":579,"caption":"Caves du Paradis"},"image":{"@id":"https:\/\/www.cavesduparadis.ch\/#\/schema\/logo\/image\/"},"sameAs":["https:\/\/www.facebook.com\/cavesparadis"]}]}},"_links":{"self":[{"href":"https:\/\/www.cavesduparadis.ch\/fr\/wp-json\/wp\/v2\/pages\/11526","targetHints":{"allow":["GET"]}}],"collection":[{"href":"https:\/\/www.cavesduparadis.ch\/fr\/wp-json\/wp\/v2\/pages"}],"about":[{"href":"https:\/\/www.cavesduparadis.ch\/fr\/wp-json\/wp\/v2\/types\/page"}],"author":[{"embeddable":true,"href":"https:\/\/www.cavesduparadis.ch\/fr\/wp-json\/wp\/v2\/users\/3"}],"replies":[{"embeddable":true,"href":"https:\/\/www.cavesduparadis.ch\/fr\/wp-json\/wp\/v2\/comments?post=11526"}],"version-history":[{"count":23,"href":"https:\/\/www.cavesduparadis.ch\/fr\/wp-json\/wp\/v2\/pages\/11526\/revisions"}],"predecessor-version":[{"id":11722,"href":"https:\/\/www.cavesduparadis.ch\/fr\/wp-json\/wp\/v2\/pages\/11526\/revisions\/11722"}],"wp:attachment":[{"href":"https:\/\/www.cavesduparadis.ch\/fr\/wp-json\/wp\/v2\/media?parent=11526"}],"curies":[{"name":"wp","href":"https:\/\/api.w.org\/{rel}","templated":true}]}}